{"id":8,"date":"2024-02-23T17:37:45","date_gmt":"2024-02-23T16:37:45","guid":{"rendered":"http:\/\/wyszynskipiotr.pl\/?page_id=8"},"modified":"2025-12-31T09:17:38","modified_gmt":"2025-12-31T08:17:38","slug":"informacje","status":"publish","type":"page","link":"http:\/\/wyszynskipiotr.pl\/?page_id=8","title":{"rendered":"O MNIE"},"content":{"rendered":"\n\n<div class=\"wp-block-image\">\n<figure class=\"aligncenter\"><img loading=\"lazy\" decoding=\"async\" width=\"1024\" height=\"768\" src=\"http:\/\/wyszynskipiotr.pl\/wp-content\/uploads\/2024\/02\/IMG_0284-1024x768.jpg\" alt=\"\" class=\"wp-image-425\" srcset=\"http:\/\/wyszynskipiotr.pl\/wp-content\/uploads\/2024\/02\/IMG_0284-1024x768.jpg 1024w, http:\/\/wyszynskipiotr.pl\/wp-content\/uploads\/2024\/02\/IMG_0284-300x225.jpg 300w, http:\/\/wyszynskipiotr.pl\/wp-content\/uploads\/2024\/02\/IMG_0284-768x576.jpg 768w, http:\/\/wyszynskipiotr.pl\/wp-content\/uploads\/2024\/02\/IMG_0284-1536x1152.jpg 1536w, http:\/\/wyszynskipiotr.pl\/wp-content\/uploads\/2024\/02\/IMG_0284-2048x1536.jpg 2048w\" sizes=\"auto, (max-width: 1024px) 100vw, 1024px\" \/><figcaption class=\"wp-element-caption\"><strong>Dr praw W\u0142adys\u0142aw WYSZY\u0143SKI<\/strong><\/figcaption><\/figure>\n<\/div>\n\n<div class=\"xdj266r x11i5rnm xat24cr x1mh8g0r x1vvkbs x126k92a\">\n<div dir=\"auto\"><em><strong>\u201eS\u0142u\u017cenie i pomaganie drugiemu cz\u0142owiekowi to przywilej z kt\u00f3rego nale\u017cy korzysta\u0107\u201d. dr W\u0142adys\u0142aw Wyszy\u0144ski (m\u00f3j Dziadek)<\/strong><\/em><\/div>\n<div dir=\"auto\">\u00a0<\/div>\n<\/div>\n<div class=\"x11i5rnm xat24cr x1mh8g0r x1vvkbs xtlvy1s x126k92a\">\n<div dir=\"auto\"><strong><img loading=\"lazy\" decoding=\"async\" class=\"wp-image-851 size-thumbnail alignright\" src=\"http:\/\/wyszynskipiotr.pl\/wp-content\/uploads\/2024\/03\/426811567_1877545486092833_978926435158033055_n-1-150x150.jpg\" alt=\"\" width=\"150\" height=\"150\" srcset=\"http:\/\/wyszynskipiotr.pl\/wp-content\/uploads\/2024\/03\/426811567_1877545486092833_978926435158033055_n-1-150x150.jpg 150w, http:\/\/wyszynskipiotr.pl\/wp-content\/uploads\/2024\/03\/426811567_1877545486092833_978926435158033055_n-1-80x80.jpg 80w, http:\/\/wyszynskipiotr.pl\/wp-content\/uploads\/2024\/03\/426811567_1877545486092833_978926435158033055_n-1-320x320.jpg 320w\" sizes=\"auto, (max-width: 150px) 100vw, 150px\" \/>Piotr W\u0142adys\u0142aw WYSZY\u0143SKI <\/strong>urodzony w marcu 1963 roku w Warszawie. Mia\u0142em ten przywilej i szcz\u0119\u015bcie, \u017ce jestem &#8211; pochodz\u0119 z rodziny w kt\u00f3rej mi\u0142o\u015b\u0107 do ludzi i ojczyzny by\u0142a wielk\u0105 warto\u015bci\u0105. Pradziadek, Dziadek i Ojciec urodzeni w polskim Lwowie przed wojn\u0105. <strong>( poni\u017cej <em>foto nr 4 przy grobie Pradziadka Piotra Wyszy\u0144skiego we wsi Wy\u017cniany ko\u0142o Lwowa<\/em>)<\/strong>.<\/div>\n<div dir=\"auto\">Dziadek W\u0142adys\u0142aw dr. praw, spo\u0142ecznik, tw\u00f3rca Domu Emigracyjnego we Lwowie. <em><strong>(powy\u017cej foto nr 1)<\/strong>.<\/em> Brat dziadka ksi\u0105dz Micha\u0142 Wyszy\u0144ski <strong><em>(poni\u017cej foto nr 2)<\/em> <\/strong>profesor teologii, wsp\u00f3\u0142tw\u00f3rca prawa kanonicznego, kt\u00f3re wsp\u00f3\u0142tworzy\u0142 z papie\u017cem Paw\u0142em VI w Rzymie. Ca\u0142a moja rodzina walczy\u0142a w Powstaniu Warszawskim. Dziadek znaj\u0105cy j\u0119zyk niemiecki walczy\u0142 o polskie dzieci. \u201dWyci\u0105ga\u0142\u201d polskie dzieci z gestapo i transport\u00f3w kolejowych, kt\u00f3re zmierza\u0142y do oboz\u00f3w \u015bmierci. Ksi\u0105dz Micha\u0142 by\u0142 kapelanem Powsta\u0144c\u00f3w Warszawy s\u0142u\u017c\u0105c Bogu i ludziom w ko\u015bciele na \u017boliborzu gdzie spoczywa B\u0142ogos\u0142awiony Ksi\u0105dz Jerzy Popie\u0142uszko. Na ambonie znajduje si\u0119 pami\u0105tkowa tablica ksi\u0119dza Micha\u0142a. (<strong><em>poni\u017cej foto nr 3)<\/em><\/strong><\/div>\n<div dir=\"auto\">\u00a0<\/div>\n<div dir=\"auto\"><strong>Od najm\u0142odszych lat<\/strong> by\u0142em uczony patriotyzmu, mi\u0142o\u015bci do ludzi i ojczyzny. Dziadek by\u0142 najbli\u017cszym Przyjacielem Henryka Kuronia (ojca Jacka Kuronia wsp\u00f3\u0142tw\u00f3rcy KOR).Pozostali Przyjaci\u00f3\u0142mi do ko\u0144ca \u017cycia. Dziadek W\u0142adys\u0142aw by\u0142 moim najwa\u017cniejszym nauczycielem, wzorem i autorytetem. Przekazywa\u0142, uczy\u0142 mnie prawdziwej historii w tym min. prawdy o Katyniu i innych miejscach ka\u017ani naszych Rodak\u00f3w, o Powstaniu Warszawskim, o opozycji antykomunistycznej w PRL.<\/div>\n<div dir=\"auto\">\u00a0<\/div>\n<div dir=\"auto\"><span style=\"color: initial;\"><strong>Moi Rodzice ju\u017c odeszli<\/strong>. Mama nauczycielka, Tata in\u017cynier. Mama przez 35 lat mieszka\u0142a na Florydzie gdzie pracowa\u0142a w najwi\u0119kszym na \u015bwiecie hospicjum s\u0142u\u017c\u0105c ludziom potrzebuj\u0105cym wsparcia w ostatnim etapie \u017cycia.<\/span><\/div>\n<\/div>\n<div class=\"x11i5rnm xat24cr x1mh8g0r x1vvkbs xtlvy1s x126k92a\">\n<div dir=\"auto\">\u00a0<\/div>\n<div dir=\"auto\"><strong>Edukacj\u0119 podstawow\u0105,<\/strong> \u015bredni\u0105 oraz studia realizowa\u0142em w warszawskich szko\u0142ach (TPS, AWF). Studiowa\u0142em w AWF Warszawa oraz w Akademii Humanistycznej w Pu\u0142tusku gdzie zdoby\u0142em wy\u017csze wykszta\u0142cenie.\u00a0<\/div>\n<div dir=\"auto\"><em>Najwi\u0119kszym sukcesem mojego \u017cycia jest moja wspania\u0142a rodzina : Ma\u0142\u017conka Ma\u0142gorzata,\u00a0 c\u00f3rki Magda i Natalia, moi zi\u0119ciowie oraz trzech wnuk\u00f3w Jasio, Kuba i Leon. Z moj\u0105 Ma\u0142gosi\u0105 w roku 2025 obchodzili\u015bmy 40 rocznic\u0119 \u015blubu. Od ponad 44 lat jest nauczycielem z czego ju\u017c od 18 lat dyrektorem szko\u0142y i przedszkola. Obecnie od 10 lat jest dyrektorem Zespo\u0142u Szkolno-Przedszkolnego w Duczkach Gmina Wo\u0142omin. <\/em><\/div>\n<div dir=\"auto\"><em><strong>*<\/strong>(wpis zaktualizowany w roku 2025).<\/em><\/div>\n<div dir=\"auto\">\u00a0<\/div>\n<div dir=\"auto\"><strong>Moja d\u0142ugoletnia<\/strong> praca zawodowa to praca jako: nauczyciel wychowania fizycznego w Warszawie i w Zielonce. Nast\u0119pnie kilkana\u015bcie lat pracy w samorz\u0105dzie lokalnym w Zielonce, Legionowie, Starostwie Legionowskim oraz Koby\u0142ce. W mi\u0119dzy czasie by\u0142em tak\u017ce radnym Rady Miasta Zielonka w kadencji 1998 &#8211; 2002. Obecnie pracuj\u0119 w O\u015brodku Sportu i Rekreacji Huragan Wo\u0142omin.<\/div>\n<div dir=\"auto\">\u00a0<\/div>\n<div dir=\"auto\"><strong>Od wczesnych<\/strong> lat moj\u0105 wielk\u0105 pasj\u0105 by\u0142 i pozostaje sport. Tenis ziemny i pi\u0142ka no\u017cna. W tenisa gra\u0142em zawodniczo w pi\u0142k\u0119 no\u017cn\u0105 amatorsko. W tenisa gram do dnia dzisiejszego na kortach w Warszawie, Wo\u0142ominie, Zielonce i Z\u0105bkach.<\/div>\n<div dir=\"auto\">\u00a0<\/div>\n<div dir=\"auto\"><strong>W Zielonce<\/strong> mieszka\u0142em od 1985 roku do roku 2008 kiedy to zamieszka\u0142em w cudownym miejscu jakim jest Oss\u00f3w. Mieszkamy w bajecznym miejscu w lesie w wybudowanym rodzinnym domu.<\/div>\n<div dir=\"auto\">Od ponad 30 lat jestem bardzo aktywny w \u017cyciu publicznym, spo\u0142ecznym i politycznym. Szczeg\u00f3lnie bliska jest mi dzia\u0142alno\u015b\u0107 charytatywna. Wsp\u00f3\u0142pracuje z WO\u015aP, Fundacj\u0105 &#8222;Smeczem w Raka&#8221;, wo\u0142omi\u0144skim Hospicjum Opatrzno\u015bci Bo\u017cej. Wspieram wszelkie akcje charytatywne na terenie Powiatu Wo\u0142omi\u0144skiego szczeg\u00f3lnie dla potrzebuj\u0105cych dzieci. By\u0142em za\u0142o\u017cycielem pierwszej amatorskiej ligi pi\u0142karskiej w naszym powiecie, kt\u00f3ra gra\u0142a przez ponad 20 lat. By\u0142em szefem zielonkowskiego sztabu WO\u015aP. Tw\u00f3rc\u0105 akcji &#8222;Zielonka Pomaga&#8221;. Obecnie wspieram wszelkie akcje charytatywne na terenie Mazowsza, Powiatu Wo\u0142omi\u0144skiego i Gminy Wo\u0142omin.<\/div>\n<div dir=\"auto\">\u00a0<\/div>\n<div dir=\"auto\"><strong>Przez wiele<\/strong> lat by\u0142em profesjonalnym spikerem z licencj\u0105 PZPN, konferansjerem prowadz\u0105c pi\u0142karskie i siatkarskie mecze na najwy\u017cszym poziomie\u00a0 rozgrywkowym w Polsce. Prowadzi\u0142em niezliczon\u0105 ilo\u015bc imprez, turniej\u00f3w,\u00a0 koncert\u00f3w w tym ogromn\u0105 ilo\u015bci imprez charytatywnych. Przez 20 lat wsp\u00f3\u0142pracowa\u0142em z lokalnym tygodnikiem &#8222;Wie\u015bci Podwarszawskie&#8221;. Mia\u0142em tak\u017ce przywilej wsp\u00f3\u0142organizowa\u0107 i prowadzi\u0107 przez prawie 10 lat patriotyczn\u0105 uroczysto\u015b\u0107 15 sierpnia w Ossowie.<\/div>\n<div dir=\"auto\">\u00a0<\/div>\n<div dir=\"auto\">Od pocz\u0105tku powstania <strong>Platformy Obywatelskiej RP<\/strong> jestem jej sympatykiem. Obecnie od kilku lat cz\u0142onkiem Zarz\u0105du Platformy Obywatelskiej w Powiecie Wo\u0142omi\u0144skim. Uczestniczy\u0142em aktywnie we wszystkich kampaniach wyborczych w ostatnich 20 latach na terenie naszego powiatu wspieraj\u0105c kandydat\u00f3w PO oraz PSL.<\/div>\n<div dir=\"auto\">\u00a0<\/div>\n<div dir=\"auto\"><strong>Po d\u0142ugiej<\/strong> przerwie postanowi\u0142em ponownie aktywnie uczestniczy\u0107 w wyborach samorz\u0105dowych 2024 jako<strong> kandydat Koalicji Obywatelskiej (lista nr 5) w Gminie Wo\u0142omin, okr\u0119g nr 5 pozycja nr 1<\/strong>. Chcia\u0142bym reprezentowa\u0107 Oss\u00f3w oraz ca\u0142\u0105 Gmin\u0119 Wo\u0142omin w samorz\u0105dzie powiatowym.<\/div>\n<div dir=\"auto\">\u00a0<\/div>\n<div dir=\"auto\"><em><strong>W dniu 7 kwietnia 2024 roku zdobywaj\u0105c 1113 g\u0142os\u00f3w otrzyma\u0142em mandat radnego Rady Powiatu Wo\u0142omi\u0144skiego VII kadencji 2024-2029. Od czerwca 2024 pe\u0142ni\u0119 funkcj\u0119 Przewodnicz\u0105cego Komisji Dziedzictwa Narodowego, Kultury i Wsp\u00f3\u0142pracy z Jednostkami Samorz\u0105du Terytorialnego Rady Powiatu Wo\u0142omi\u0144skiego. Jestem tak\u017ce cz\u0142onkiem Komisji Skarg, Wniosk\u00f3w i Petycji, Komisji Edukacji, Sportu i Turystyki oraz Przewodnicz\u0105cym dora\u017anej Komisji Statutowej.<\/strong><\/em><\/div>\n<\/div>\n<div dir=\"auto\">\u00a0<\/div>\n<div dir=\"auto\"><strong style=\"color: initial;\">Warto\u015bci<\/strong><span style=\"color: initial;\">, kt\u00f3re przekazywa\u0142 mi od najm\u0142odszych lat m\u00f3j Dziadek W\u0142adys\u0142aw zawsze by\u0142y dla mnie drogowskazem w ka\u017cdej dzia\u0142alno\u015bci publicznej. Staram si\u0119 tym warto\u015bciom pozosta\u0107 wierny w swoim \u017cyciu prywatnym, zawodowym, w dzia\u0142alno\u015bci spo\u0142ecznej i politycznej. <\/span><span style=\"color: initial;\">Dziadek W\u0142adys\u0142aw zawsze powtarza\u0142, \u017ce: <strong><em>\u201es\u0142u\u017cenie i pomaganie drugiemu cz\u0142owiekowi to przywilej z kt\u00f3rego nale\u017cy korzysta\u0107\u201d. <\/em><\/strong><\/span><span style=\"color: initial;\">Staram si\u0119 od samego pocz\u0105tku w swojej dzia\u0142alno\u015bci publicznej z tego przywileju korzysta\u0107. Pomimo up\u0142ywu lat pozostaje nadal aktywny w \u017cyciu publicznym, spo\u0142ecznym, sportowym,<\/span><\/div>\n<div class=\"x11i5rnm xat24cr x1mh8g0r x1vvkbs xtlvy1s x126k92a\">\n<div dir=\"auto\">\n<div class=\"x11i5rnm xat24cr x1mh8g0r x1vvkbs xtlvy1s x126k92a\">\n<div dir=\"auto\">charytatywnym, kt\u00f3re sta\u0142y si\u0119 dla mnie jedn\u0105 z wielu \u017cyciowych pasji.<\/div>\n<div dir=\"auto\">\u00a0<\/div>\n<div dir=\"auto\"><em><strong>ps. Kiedy dorasta\u0142em w szkole podstawowej i \u015bredniej moi koledzy nazywali (przezywali) mnie &#8222;kardyna\u0142em&#8221; bo w tym czasie Prymasem Polski by\u0142 Kardyna\u0142 Stefan WYSZY\u0143SKI&#8230;i tak zosta\u0142o do dnia dzisiejszego.<\/strong><\/em><\/div>\n<div dir=\"auto\">\u00a0<\/div>\n<\/div>\n<\/div>\n<\/div>\n<div dir=\"auto\">\u00a0<\/div>\n<div class=\"x11i5rnm xat24cr x1mh8g0r x1vvkbs xtlvy1s x126k92a\">\n<div dir=\"auto\">\u00a0<\/div>\n<\/div>\n\n<div class=\"wp-block-image\">\n<figure class=\"aligncenter size-large\"><img loading=\"lazy\" decoding=\"async\" width=\"768\" height=\"1024\" src=\"http:\/\/wyszynskipiotr.pl\/wp-content\/uploads\/2024\/02\/IMG_0285-768x1024.jpg\" alt=\"\" class=\"wp-image-430\" srcset=\"http:\/\/wyszynskipiotr.pl\/wp-content\/uploads\/2024\/02\/IMG_0285-768x1024.jpg 768w, http:\/\/wyszynskipiotr.pl\/wp-content\/uploads\/2024\/02\/IMG_0285-225x300.jpg 225w, http:\/\/wyszynskipiotr.pl\/wp-content\/uploads\/2024\/02\/IMG_0285-1152x1536.jpg 1152w, http:\/\/wyszynskipiotr.pl\/wp-content\/uploads\/2024\/02\/IMG_0285-1536x2048.jpg 1536w, http:\/\/wyszynskipiotr.pl\/wp-content\/uploads\/2024\/02\/IMG_0285-scaled.jpg 1920w\" sizes=\"auto, (max-width: 768px) 100vw, 768px\" \/><figcaption class=\"wp-element-caption\"><strong>Ksi\u0105dz Profesor Micha\u0142 WYSZY\u0143SKI &#8211; kapelan Powstania Warszawskiego<\/strong><\/figcaption><\/figure>\n<\/div>\n\n<div class=\"wp-block-image\">\n<figure class=\"aligncenter size-full is-resized\"><img loading=\"lazy\" decoding=\"async\" width=\"910\" height=\"751\" src=\"http:\/\/wyszynskipiotr.pl\/wp-content\/uploads\/2025\/08\/526073646_24011166921898266_5441177176293354749_n.jpg\" alt=\"\" class=\"wp-image-1484\" style=\"width:772px;height:auto\" srcset=\"http:\/\/wyszynskipiotr.pl\/wp-content\/uploads\/2025\/08\/526073646_24011166921898266_5441177176293354749_n.jpg 910w, http:\/\/wyszynskipiotr.pl\/wp-content\/uploads\/2025\/08\/526073646_24011166921898266_5441177176293354749_n-300x248.jpg 300w, http:\/\/wyszynskipiotr.pl\/wp-content\/uploads\/2025\/08\/526073646_24011166921898266_5441177176293354749_n-768x634.jpg 768w\" sizes=\"auto, (max-width: 910px) 100vw, 910px\" \/><\/figure>\n<\/div>\n\n\n<p class=\"has-text-align-center\"><strong>Tablica Ksi\u0119dza Micha\u0142a Wyszy\u0144skiego w ko\u015bciele na Warszawskim \u017boliborzu<\/strong><\/p>\n\n\n<div class=\"wp-block-image\">\n<figure class=\"aligncenter size-large\"><img loading=\"lazy\" decoding=\"async\" width=\"768\" height=\"1024\" src=\"http:\/\/wyszynskipiotr.pl\/wp-content\/uploads\/2024\/02\/IMG_2431-2-768x1024.jpg\" alt=\"\" class=\"wp-image-437\" srcset=\"http:\/\/wyszynskipiotr.pl\/wp-content\/uploads\/2024\/02\/IMG_2431-2-768x1024.jpg 768w, http:\/\/wyszynskipiotr.pl\/wp-content\/uploads\/2024\/02\/IMG_2431-2-225x300.jpg 225w, http:\/\/wyszynskipiotr.pl\/wp-content\/uploads\/2024\/02\/IMG_2431-2-1152x1536.jpg 1152w, http:\/\/wyszynskipiotr.pl\/wp-content\/uploads\/2024\/02\/IMG_2431-2-1536x2048.jpg 1536w, http:\/\/wyszynskipiotr.pl\/wp-content\/uploads\/2024\/02\/IMG_2431-2-scaled.jpg 1920w\" sizes=\"auto, (max-width: 768px) 100vw, 768px\" \/><figcaption class=\"wp-element-caption\">2018 r. Ukraina, Wy\u017cniany (Lw\u00f3w). Gr\u00f3b mojego Pradziadka Piotra Wyszy\u0144skiego<\/figcaption><\/figure>\n<\/div>","protected":false},"excerpt":{"rendered":"<p>\u201eS\u0142u\u017cenie i pomaganie drugiemu cz\u0142owiekowi to przywilej z kt\u00f3rego nale\u017cy korzysta\u0107\u201d. dr W\u0142adys\u0142aw Wyszy\u0144ski (m\u00f3j Dziadek) \u00a0 Piotr W\u0142adys\u0142aw WYSZY\u0143SKI urodzony w marcu 1963 roku&#46;&#46;&#46;<\/p>\n","protected":false},"author":1,"featured_media":0,"parent":0,"menu_order":0,"comment_status":"closed","ping_status":"closed","template":"","meta":{"footnotes":""},"class_list":["post-8","page","type-page","status-publish","hentry"],"_links":{"self":[{"href":"http:\/\/wyszynskipiotr.pl\/index.php?rest_route=\/wp\/v2\/pages\/8","targetHints":{"allow":["GET"]}}],"collection":[{"href":"http:\/\/wyszynskipiotr.pl\/index.php?rest_route=\/wp\/v2\/pages"}],"about":[{"href":"http:\/\/wyszynskipiotr.pl\/index.php?rest_route=\/wp\/v2\/types\/page"}],"author":[{"embeddable":true,"href":"http:\/\/wyszynskipiotr.pl\/index.php?rest_route=\/wp\/v2\/users\/1"}],"replies":[{"embeddable":true,"href":"http:\/\/wyszynskipiotr.pl\/index.php?rest_route=%2Fwp%2Fv2%2Fcomments&post=8"}],"version-history":[{"count":46,"href":"http:\/\/wyszynskipiotr.pl\/index.php?rest_route=\/wp\/v2\/pages\/8\/revisions"}],"predecessor-version":[{"id":1772,"href":"http:\/\/wyszynskipiotr.pl\/index.php?rest_route=\/wp\/v2\/pages\/8\/revisions\/1772"}],"wp:attachment":[{"href":"http:\/\/wyszynskipiotr.pl\/index.php?rest_route=%2Fwp%2Fv2%2Fmedia&parent=8"}],"curies":[{"name":"wp","href":"https:\/\/api.w.org\/{rel}","templated":true}]}}