{"id":1086,"date":"2024-11-16T15:17:43","date_gmt":"2024-11-16T14:17:43","guid":{"rendered":"https:\/\/wyszynskipiotr.pl\/?page_id=1086"},"modified":"2026-04-29T15:41:20","modified_gmt":"2026-04-29T13:41:20","slug":"2022-2026","status":"publish","type":"page","link":"http:\/\/wyszynskipiotr.pl\/?page_id=1086","title":{"rendered":"Kalendarz 2024-2026"},"content":{"rendered":"\n<p>Wa\u017cna informacja:<\/p>\n\n\n\n<figure class=\"wp-block-image size-full\"><img loading=\"lazy\" decoding=\"async\" width=\"940\" height=\"788\" src=\"http:\/\/wyszynskipiotr.pl\/wp-content\/uploads\/2026\/01\/dyzur-radnego1.jpg\" alt=\"\" class=\"wp-image-1825\" srcset=\"http:\/\/wyszynskipiotr.pl\/wp-content\/uploads\/2026\/01\/dyzur-radnego1.jpg 940w, http:\/\/wyszynskipiotr.pl\/wp-content\/uploads\/2026\/01\/dyzur-radnego1-300x251.jpg 300w, http:\/\/wyszynskipiotr.pl\/wp-content\/uploads\/2026\/01\/dyzur-radnego1-768x644.jpg 768w\" sizes=\"auto, (max-width: 940px) 100vw, 940px\" \/><\/figure>\n\n\n<div class=\"wp-block-image\">\n<figure class=\"alignright size-large is-resized\"><img loading=\"lazy\" decoding=\"async\" width=\"768\" height=\"1024\" src=\"http:\/\/wyszynskipiotr.pl\/wp-content\/uploads\/2025\/10\/558905469_24564387929909493_2646214414347368287_n-768x1024.jpg\" alt=\"\" class=\"wp-image-1647\" style=\"width:152px;height:auto\" srcset=\"http:\/\/wyszynskipiotr.pl\/wp-content\/uploads\/2025\/10\/558905469_24564387929909493_2646214414347368287_n-768x1024.jpg 768w, http:\/\/wyszynskipiotr.pl\/wp-content\/uploads\/2025\/10\/558905469_24564387929909493_2646214414347368287_n-225x300.jpg 225w, http:\/\/wyszynskipiotr.pl\/wp-content\/uploads\/2025\/10\/558905469_24564387929909493_2646214414347368287_n-1152x1536.jpg 1152w, http:\/\/wyszynskipiotr.pl\/wp-content\/uploads\/2025\/10\/558905469_24564387929909493_2646214414347368287_n.jpg 1536w\" sizes=\"auto, (max-width: 768px) 100vw, 768px\" \/><\/figure>\n<\/div>\n\n\n<p><em><strong>Szczeg\u00f3\u0142y poszczeg\u00f3lnych wydarze\u0144 dost\u0119pne sa na moich stronach na platformach spo\u0142eczno\u015bciowym Facebook, Youtube, Tiktok<\/strong><\/em><\/p>\n\n\n\n<p><strong>Piotr Wyszy\u0144ski<\/strong> &#8211; <a href=\"https:\/\/www.facebook.com\/piotr.wyszynski.1963\">TUTAJ 1<\/a> <strong>Piotr Wyszy\u0144ski radny Powiatu Wo\u0142omi\u0144skiego Koalicji Obywatelskiej RP<\/strong> &#8211; <a href=\"https:\/\/www.facebook.com\/profile.php?id=61556267429307\">TUTAJ 2<\/a><\/p>\n\n\n\n<p><strong>Youtube <\/strong> <a href=\"https:\/\/www.youtube.com\/@POwiatTV-PW\"> TUTAJ 3<\/a> <strong>Tiktok<\/strong> <a href=\"https:\/\/www.tiktok.com\/@piotrwyszynski1963\">TUTAJ 4<\/a><\/p>\n\n\n\n<h5 class=\"wp-block-heading\"><strong>Udzia\u0142 w uroczysto\u015bciach, wydarzeniach, spotkaniach itp. (2024\/2025\/2026)<\/strong><\/h5>\n\n\n\n<p><strong>KWIECIE\u0143 2026<\/strong><\/p>\n\n\n\n<p><strong>28.04.2026.<\/strong>Wo\u0142omin. Dy\u017cur radnego<\/p>\n\n\n<div class=\"wp-block-image\">\n<figure class=\"aligncenter size-full is-resized\"><img loading=\"lazy\" decoding=\"async\" width=\"590\" height=\"443\" src=\"http:\/\/wyszynskipiotr.pl\/wp-content\/uploads\/2026\/04\/678751865_26397855406562727_898241368245974684_n.jpg\" alt=\"\" class=\"wp-image-1922\" style=\"width:416px;height:auto\" srcset=\"http:\/\/wyszynskipiotr.pl\/wp-content\/uploads\/2026\/04\/678751865_26397855406562727_898241368245974684_n.jpg 590w, http:\/\/wyszynskipiotr.pl\/wp-content\/uploads\/2026\/04\/678751865_26397855406562727_898241368245974684_n-300x225.jpg 300w\" sizes=\"auto, (max-width: 590px) 100vw, 590px\" \/><\/figure>\n<\/div>\n\n\n<p><strong>23.04.2026.<\/strong> Wo\u0142omin. XXV sesja Rady Powiatu Wo\u0142omi\u0144skiego<\/p>\n\n\n\n<p><strong>19.04.2026.<\/strong> Radzymin. 8 Bieg M\u0142odzika<\/p>\n\n\n\n<p><strong>17.04.2026. <\/strong>Wo\u0142omin. Komisja Edukacji Sportu i Turystyki Rady Powiatu Wo\u0142omi\u0144skiego.<\/p>\n\n\n<div class=\"wp-block-image\">\n<figure class=\"aligncenter size-large is-resized\"><img loading=\"lazy\" decoding=\"async\" width=\"768\" height=\"1024\" src=\"http:\/\/wyszynskipiotr.pl\/wp-content\/uploads\/2026\/04\/672677412_26330569373291331_8464533851585899161_n-768x1024.jpg\" alt=\"\" class=\"wp-image-1924\" style=\"width:398px;height:auto\" srcset=\"http:\/\/wyszynskipiotr.pl\/wp-content\/uploads\/2026\/04\/672677412_26330569373291331_8464533851585899161_n-768x1024.jpg 768w, http:\/\/wyszynskipiotr.pl\/wp-content\/uploads\/2026\/04\/672677412_26330569373291331_8464533851585899161_n-225x300.jpg 225w, http:\/\/wyszynskipiotr.pl\/wp-content\/uploads\/2026\/04\/672677412_26330569373291331_8464533851585899161_n-1152x1536.jpg 1152w, http:\/\/wyszynskipiotr.pl\/wp-content\/uploads\/2026\/04\/672677412_26330569373291331_8464533851585899161_n.jpg 1536w\" sizes=\"auto, (max-width: 768px) 100vw, 768px\" \/><\/figure>\n<\/div>\n\n\n<p><strong>16.04.2026.<\/strong> Zielonka. Spotkanie z Ministrem Sprawiedliwo\u015bci<\/p>\n\n\n\n<p><strong>15.04.2026.<\/strong> Marki. Gala Per\u0142y Mazowsza Powiatu Wo\u0142omi\u0144skiego<\/p>\n\n\n<div class=\"wp-block-image\">\n<figure class=\"aligncenter size-large is-resized\"><img loading=\"lazy\" decoding=\"async\" width=\"1024\" height=\"768\" src=\"http:\/\/wyszynskipiotr.pl\/wp-content\/uploads\/2026\/04\/669853208_26282392888108980_3461807458765505079_n-1024x768.jpg\" alt=\"\" class=\"wp-image-1925\" style=\"width:411px;height:auto\" srcset=\"http:\/\/wyszynskipiotr.pl\/wp-content\/uploads\/2026\/04\/669853208_26282392888108980_3461807458765505079_n-1024x768.jpg 1024w, http:\/\/wyszynskipiotr.pl\/wp-content\/uploads\/2026\/04\/669853208_26282392888108980_3461807458765505079_n-300x225.jpg 300w, http:\/\/wyszynskipiotr.pl\/wp-content\/uploads\/2026\/04\/669853208_26282392888108980_3461807458765505079_n-768x576.jpg 768w, http:\/\/wyszynskipiotr.pl\/wp-content\/uploads\/2026\/04\/669853208_26282392888108980_3461807458765505079_n-1536x1152.jpg 1536w, http:\/\/wyszynskipiotr.pl\/wp-content\/uploads\/2026\/04\/669853208_26282392888108980_3461807458765505079_n.jpg 2048w\" sizes=\"auto, (max-width: 1024px) 100vw, 1024px\" \/><\/figure>\n<\/div>\n\n\n<p><strong>12.04.2026. <\/strong>Warszawa. Obchody Katy\u0144skie &#8211; Muzeum Wojska Polskiego<\/p>\n\n\n\n<p><strong>MARZEC 2026<\/strong><\/p>\n\n\n\n<p><strong>26.03.2026.<\/strong> Wo\u0142omin. XXIV sesja Rady Powiatu Wo\u0142omi\u0144skiego<\/p>\n\n\n\n<p><strong>23.03.2026.<\/strong>Wo\u0142omin. Komisja Edukacji Sportu i Turystyki Rady Powiatu Wo\u0142omi\u0144skiego.<\/p>\n\n\n\n<p><strong>20.03.2026.<\/strong> Zielonka. Rada Powiatu Wo\u0142omi\u0144skiego Koalicji Obywatelskiej<\/p>\n\n\n\n<p><strong>19.03.2026.<\/strong> Oss\u00f3w. Spotkanie przed\u015bwi\u0105teczne<\/p>\n\n\n\n<p><strong>14.03.2026.<\/strong> Marki. Powiatowa Gala Sportu<\/p>\n\n\n\n<p><strong>12.03.2026.<\/strong> Oss\u00f3w. Rada So\u0142ecka<\/p>\n\n\n\n<p><strong>09.03.2026. <\/strong>Wo\u0142omin. Zarz\u0105d Powiatowy Koalicji Obywatelskiej.<\/p>\n\n\n\n<p><strong>09.03.2026. <\/strong>Wo\u0142omin. Komisja Skarg, Wniosk\u00f3w i Petycji Rady Powiatu Wo\u0142omi\u0144skiego.<\/p>\n\n\n\n<p><strong>08.03.2026. <\/strong>Wo\u0142omin. I LO PUL koncert charytatywny&#8221; Pomagamy Pani Ani&#8221;<\/p>\n\n\n\n<p><strong>08.03.2026. <\/strong>Marki. Wybory w Koalicji Obywatelskiej.<\/p>\n\n\n\n<p><strong>08.03.2026. <\/strong>Wo\u0142omin. Turniej Pi\u0142karski rocznik 2019 OSiR Huragan Wo\u0142omin.<\/p>\n\n\n\n<p><strong>01.03.2026.<\/strong> Wo\u0142omin. Turniej Pi\u0142karski rocznik 2018 OSiR Huragan Wo\u0142omin.<\/p>\n\n\n<div class=\"wp-block-image\">\n<figure class=\"aligncenter size-large is-resized\"><img loading=\"lazy\" decoding=\"async\" width=\"1024\" height=\"1024\" src=\"http:\/\/wyszynskipiotr.pl\/wp-content\/uploads\/2026\/02\/PW-logo12-1024x1024.jpg\" alt=\"\" class=\"wp-image-1878\" style=\"width:404px;height:auto\" srcset=\"http:\/\/wyszynskipiotr.pl\/wp-content\/uploads\/2026\/02\/PW-logo12-1024x1024.jpg 1024w, http:\/\/wyszynskipiotr.pl\/wp-content\/uploads\/2026\/02\/PW-logo12-300x300.jpg 300w, http:\/\/wyszynskipiotr.pl\/wp-content\/uploads\/2026\/02\/PW-logo12-150x150.jpg 150w, http:\/\/wyszynskipiotr.pl\/wp-content\/uploads\/2026\/02\/PW-logo12-768x768.jpg 768w, http:\/\/wyszynskipiotr.pl\/wp-content\/uploads\/2026\/02\/PW-logo12-80x80.jpg 80w, http:\/\/wyszynskipiotr.pl\/wp-content\/uploads\/2026\/02\/PW-logo12-320x320.jpg 320w, http:\/\/wyszynskipiotr.pl\/wp-content\/uploads\/2026\/02\/PW-logo12.jpg 1500w\" sizes=\"auto, (max-width: 1024px) 100vw, 1024px\" \/><\/figure>\n<\/div>\n\n\n<p><strong>01.03.2026.<\/strong> Start nowego portalu &#8211; platformy informacyjnej o Powiecie Wo\u0142omi\u0144skim <strong>www.powiatwwl.pl<\/strong><\/p>\n\n\n\n<p><strong>LUTY 2026<\/strong><\/p>\n\n\n\n<p><strong>25.02.2026.<\/strong>Wo\u0142omin. Komisja Dziedzictwa Narodowego Kultury i W z JST Rady Powiatu Wo\u0142omi\u0144skiego.<\/p>\n\n\n\n<p><strong>24.02.2026.<\/strong>Wo\u0142omin. Dy\u017cur Radnego Powiatowego.<\/p>\n\n\n\n<p><strong>19.02.2026. <\/strong>Zielonka. Prezentacja pi\u0142karskiej dru\u017cyny Z\u0104BKOVIA Z\u0105bki<\/p>\n\n\n\n<p><strong>05.02.2026<\/strong>.Wo\u0142omin.Komisja Edukacji Sportu i Turystyki Rady Powiatu Wo\u0142omi\u0144skiego.<\/p>\n\n\n\n<p><strong>05.02.2026.<\/strong>Wo\u0142omin. Komisja Dziedzictwa Narodowego Kultury i W z JST Rady Powiatu Wo\u0142omi\u0144skiego.<\/p>\n\n\n<div class=\"wp-block-image\">\n<figure class=\"aligncenter size-large is-resized\"><img loading=\"lazy\" decoding=\"async\" width=\"1024\" height=\"768\" src=\"http:\/\/wyszynskipiotr.pl\/wp-content\/uploads\/2026\/02\/628279202_25729434030046031_8162151778708044429_n-1024x768.jpg\" alt=\"\" class=\"wp-image-1868\" style=\"width:399px;height:auto\" srcset=\"http:\/\/wyszynskipiotr.pl\/wp-content\/uploads\/2026\/02\/628279202_25729434030046031_8162151778708044429_n-1024x768.jpg 1024w, http:\/\/wyszynskipiotr.pl\/wp-content\/uploads\/2026\/02\/628279202_25729434030046031_8162151778708044429_n-300x225.jpg 300w, http:\/\/wyszynskipiotr.pl\/wp-content\/uploads\/2026\/02\/628279202_25729434030046031_8162151778708044429_n-768x576.jpg 768w, http:\/\/wyszynskipiotr.pl\/wp-content\/uploads\/2026\/02\/628279202_25729434030046031_8162151778708044429_n-1536x1152.jpg 1536w, http:\/\/wyszynskipiotr.pl\/wp-content\/uploads\/2026\/02\/628279202_25729434030046031_8162151778708044429_n.jpg 2048w\" sizes=\"auto, (max-width: 1024px) 100vw, 1024px\" \/><\/figure>\n<\/div>\n\n\n<p><strong>05.02.2026.<\/strong>Wo\u0142omin. XXIII sesja Rady Powiatu Wo\u0142omi\u0144skiego<\/p>\n\n\n\n<p><strong>STYCZE\u0143 2026<\/strong><\/p>\n\n\n\n<p><strong>27.01.2026. <\/strong>Wo\u0142omin. Dy\u017cur Radnego Powiatowego<\/p>\n\n\n\n<p><strong>15.01.2026.<\/strong>Wo\u0142omin. Posiedzenie Komisji Skarg, Wniosk\u00f3w i Petycji.<\/p>\n\n\n\n<p><strong>15.01.2026.<\/strong> Wo\u0142omin. Komisja Statutowa Rady Powiatu Wo\u0142omi\u0144skiego.<\/p>\n\n\n<div class=\"wp-block-image\">\n<figure class=\"aligncenter size-large is-resized\"><img loading=\"lazy\" decoding=\"async\" width=\"1024\" height=\"768\" src=\"http:\/\/wyszynskipiotr.pl\/wp-content\/uploads\/2026\/01\/616234419_25434230156258595_4305482794514987956_n-1024x768.jpg\" alt=\"\" class=\"wp-image-1795\" style=\"width:401px;height:auto\" srcset=\"http:\/\/wyszynskipiotr.pl\/wp-content\/uploads\/2026\/01\/616234419_25434230156258595_4305482794514987956_n-1024x768.jpg 1024w, http:\/\/wyszynskipiotr.pl\/wp-content\/uploads\/2026\/01\/616234419_25434230156258595_4305482794514987956_n-300x225.jpg 300w, http:\/\/wyszynskipiotr.pl\/wp-content\/uploads\/2026\/01\/616234419_25434230156258595_4305482794514987956_n-768x576.jpg 768w, http:\/\/wyszynskipiotr.pl\/wp-content\/uploads\/2026\/01\/616234419_25434230156258595_4305482794514987956_n-1536x1152.jpg 1536w, http:\/\/wyszynskipiotr.pl\/wp-content\/uploads\/2026\/01\/616234419_25434230156258595_4305482794514987956_n.jpg 2048w\" sizes=\"auto, (max-width: 1024px) 100vw, 1024px\" \/><\/figure>\n<\/div>\n\n\n<p><strong>13.01.2026<\/strong>.Wo\u0142omin. Spotkanie Noworoczne Koalicji Obywatelskiej w Powiecie Wo\u0142omi\u0144skim.<\/p>\n\n\n\n<p><strong>10.01.2026.<\/strong> \u0141owicz. 36 Og\u00f3lnopolskie Spotkanie Op\u0142atkowe Polskich Olimpijczyk\u00f3w.<\/p>\n\n\n\n<p><strong>GRUDZIE\u0143 2025<\/strong><\/p>\n\n\n\n<p><strong>19.12.2025.<\/strong>Wo\u0142omin. Przed\u015bwi\u0105teczne spotkanie w I LO Mundurowym PUL w Wo\u0142ominie.<\/p>\n\n\n\n<p><strong>18.12.2025. <\/strong>Wo\u0142omin. Sesja Rady Miejskiej w Wo\u0142ominie.<\/p>\n\n\n\n<p><strong>17.12.2025<\/strong>.Wo\u0142omin. Przed\u015bwi\u0105teczne spotkanie samorz\u0105dowc\u00f3w Powiatu Wo\u0142omi\u0144skiego.<\/p>\n\n\n<div class=\"wp-block-image\">\n<figure class=\"aligncenter size-large is-resized\"><img loading=\"lazy\" decoding=\"async\" width=\"1024\" height=\"768\" src=\"http:\/\/wyszynskipiotr.pl\/wp-content\/uploads\/2025\/12\/unnamed-1024x768.jpg\" alt=\"\" class=\"wp-image-1743\" style=\"width:391px;height:auto\" srcset=\"http:\/\/wyszynskipiotr.pl\/wp-content\/uploads\/2025\/12\/unnamed-1024x768.jpg 1024w, http:\/\/wyszynskipiotr.pl\/wp-content\/uploads\/2025\/12\/unnamed-300x225.jpg 300w, http:\/\/wyszynskipiotr.pl\/wp-content\/uploads\/2025\/12\/unnamed-768x576.jpg 768w, http:\/\/wyszynskipiotr.pl\/wp-content\/uploads\/2025\/12\/unnamed-1536x1152.jpg 1536w, http:\/\/wyszynskipiotr.pl\/wp-content\/uploads\/2025\/12\/unnamed-2048x1536.jpg 2048w\" sizes=\"auto, (max-width: 1024px) 100vw, 1024px\" \/><\/figure>\n<\/div>\n\n\n<p><strong>17.12.2025.<\/strong> Wo\u0142omin. XXII sesja Rady Powiatu Wo\u0142omi\u0144skiego<strong><em> (Bud\u017cet 2026)<\/em><\/strong><\/p>\n\n\n\n<p><strong>16.12.2025. <\/strong>Wo\u0142omin. Komisja Dziedzictwa Narodowego Kultury i W z JST Rady Powiatu Wo\u0142omi\u0144skiego.<\/p>\n\n\n<div class=\"wp-block-image\">\n<figure class=\"aligncenter size-large is-resized\"><img loading=\"lazy\" decoding=\"async\" width=\"1024\" height=\"768\" src=\"http:\/\/wyszynskipiotr.pl\/wp-content\/uploads\/2025\/12\/599951320_1188283363415460_3407174958339409272_n-1024x768.jpg\" alt=\"\" class=\"wp-image-1744\" style=\"width:381px;height:auto\" srcset=\"http:\/\/wyszynskipiotr.pl\/wp-content\/uploads\/2025\/12\/599951320_1188283363415460_3407174958339409272_n-1024x768.jpg 1024w, http:\/\/wyszynskipiotr.pl\/wp-content\/uploads\/2025\/12\/599951320_1188283363415460_3407174958339409272_n-300x225.jpg 300w, http:\/\/wyszynskipiotr.pl\/wp-content\/uploads\/2025\/12\/599951320_1188283363415460_3407174958339409272_n-768x576.jpg 768w, http:\/\/wyszynskipiotr.pl\/wp-content\/uploads\/2025\/12\/599951320_1188283363415460_3407174958339409272_n-1536x1152.jpg 1536w, http:\/\/wyszynskipiotr.pl\/wp-content\/uploads\/2025\/12\/599951320_1188283363415460_3407174958339409272_n.jpg 2048w\" sizes=\"auto, (max-width: 1024px) 100vw, 1024px\" \/><\/figure>\n<\/div>\n\n\n<p><strong>16.12.2025.<\/strong> Wo\u0142omin. Przed\u015bwi\u0105teczne spotkanie w Powiatowym Szpitalu im. Matki Bo\u017cej Nieustaj\u0105cej Pomocy.<\/p>\n\n\n\n<p><strong>15.12.2025.<\/strong> Wo\u0142omin. Komisja Finans\u00f3w oraz Edukacji, Sportu i Turystyki Rady Powiatu Wo\u0142omi\u0144skiego.<\/p>\n\n\n\n<p><strong>15.12.2025.<\/strong> Z\u0105bki. Przed\u015bwi\u0105teczne spotkanie MKS Z\u0104BKOVIA Z\u0105bki.<\/p>\n\n\n\n<p><strong>13.12.2025<\/strong>.Wo\u0142omin. Przed\u015bwi\u0105teczne spotkanie Wo\u0142omi\u0144skie Centrum Sztuk Walki<\/p>\n\n\n<div class=\"wp-block-image\">\n<figure class=\"aligncenter size-large is-resized\"><img loading=\"lazy\" decoding=\"async\" width=\"1024\" height=\"862\" src=\"http:\/\/wyszynskipiotr.pl\/wp-content\/uploads\/2025\/12\/Projekt-bez-nazwy-2-1024x862.jpg\" alt=\"\" class=\"wp-image-1740\" style=\"aspect-ratio:1.18734539773467;width:380px;height:auto\" srcset=\"http:\/\/wyszynskipiotr.pl\/wp-content\/uploads\/2025\/12\/Projekt-bez-nazwy-2-1024x862.jpg 1024w, http:\/\/wyszynskipiotr.pl\/wp-content\/uploads\/2025\/12\/Projekt-bez-nazwy-2-300x253.jpg 300w, http:\/\/wyszynskipiotr.pl\/wp-content\/uploads\/2025\/12\/Projekt-bez-nazwy-2-768x647.jpg 768w, http:\/\/wyszynskipiotr.pl\/wp-content\/uploads\/2025\/12\/Projekt-bez-nazwy-2-1536x1294.jpg 1536w, http:\/\/wyszynskipiotr.pl\/wp-content\/uploads\/2025\/12\/Projekt-bez-nazwy-2-2048x1725.jpg 2048w\" sizes=\"auto, (max-width: 1024px) 100vw, 1024px\" \/><\/figure>\n<\/div>\n\n\n<p><strong>12.12.2025.<\/strong> Zielonka. Przed\u015bwi\u0105teczne spotkanie Mundurowego Klubu Motorowego RP<\/p>\n\n\n\n<p><strong>11.12.2025. <\/strong>Wo\u0142omin. Przed\u015bwi\u0105teczne spotkanie Senior\u00f3w KS &#8222;S\u0142oneczna&#8221;<\/p>\n\n\n\n<p><strong>10.12.2025.<\/strong> Oss\u00f3w Przed\u015bwi\u0105teczne spotkanie Senior\u00f3w <\/p>\n\n\n\n<p><strong>7.12.2025.<\/strong> Oss\u00f3w. Roz\u015bwietlenie choinki.<\/p>\n\n\n<div class=\"wp-block-image\">\n<figure class=\"aligncenter size-full is-resized\"><img loading=\"lazy\" decoding=\"async\" width=\"560\" height=\"1020\" src=\"http:\/\/wyszynskipiotr.pl\/wp-content\/uploads\/2025\/12\/594614054_25127963896885224_274005990148437925_n.jpg\" alt=\"\" class=\"wp-image-1696\" style=\"width:382px;height:auto\" srcset=\"http:\/\/wyszynskipiotr.pl\/wp-content\/uploads\/2025\/12\/594614054_25127963896885224_274005990148437925_n.jpg 560w, http:\/\/wyszynskipiotr.pl\/wp-content\/uploads\/2025\/12\/594614054_25127963896885224_274005990148437925_n-165x300.jpg 165w\" sizes=\"auto, (max-width: 560px) 100vw, 560px\" \/><\/figure>\n<\/div>\n\n\n<p><strong>6.12.2025.<\/strong> Wo\u0142omin. Roz\u015bwietlenie choinki i kiermasz Bo\u017conarodzeniowy.<\/p>\n\n\n\n<p><strong>4.12.2025.<\/strong> Zielonka. Gala z okazji 50-lecia Powiatowego Szpitala im. Matki Bo\u017cej Nieustaj\u0105cej Pomocy w Wo\u0142ominie.<\/p>\n\n\n\n<p><strong>2.12.2025.<\/strong> Wo\u0142omin. Komisja Dziedzictwa Narodowego Kultury i W z JST Rady Powiatu Wo\u0142omi\u0144skiego. <\/p>\n\n\n\n<p><strong>LISTOPAD 2025<\/strong><\/p>\n\n\n\n<figure class=\"wp-block-image size-large is-resized\"><img loading=\"lazy\" decoding=\"async\" width=\"1024\" height=\"768\" src=\"http:\/\/wyszynskipiotr.pl\/wp-content\/uploads\/2025\/12\/587549661_25070198832661731_3247932500795710213_n-1024x768.jpg\" alt=\"\" class=\"wp-image-1699\" style=\"width:758px;height:auto\" srcset=\"http:\/\/wyszynskipiotr.pl\/wp-content\/uploads\/2025\/12\/587549661_25070198832661731_3247932500795710213_n-1024x768.jpg 1024w, http:\/\/wyszynskipiotr.pl\/wp-content\/uploads\/2025\/12\/587549661_25070198832661731_3247932500795710213_n-300x225.jpg 300w, http:\/\/wyszynskipiotr.pl\/wp-content\/uploads\/2025\/12\/587549661_25070198832661731_3247932500795710213_n-768x576.jpg 768w, http:\/\/wyszynskipiotr.pl\/wp-content\/uploads\/2025\/12\/587549661_25070198832661731_3247932500795710213_n-1536x1152.jpg 1536w, http:\/\/wyszynskipiotr.pl\/wp-content\/uploads\/2025\/12\/587549661_25070198832661731_3247932500795710213_n.jpg 2048w\" sizes=\"auto, (max-width: 1024px) 100vw, 1024px\" \/><\/figure>\n\n\n\n<p><strong>28.11.2025. <\/strong>Bia\u0142obrzegi. Konwent Samorz\u0105dowy Koalicji Obywatelskiej RP.<\/p>\n\n\n\n<figure class=\"wp-block-image size-large is-resized\"><img loading=\"lazy\" decoding=\"async\" width=\"1024\" height=\"379\" src=\"http:\/\/wyszynskipiotr.pl\/wp-content\/uploads\/2025\/12\/589036005_1175009494742847_3778722736089361330_n-1024x379.jpg\" alt=\"\" class=\"wp-image-1706\" style=\"aspect-ratio:2.7023223082336383;width:759px;height:auto\" srcset=\"http:\/\/wyszynskipiotr.pl\/wp-content\/uploads\/2025\/12\/589036005_1175009494742847_3778722736089361330_n-1024x379.jpg 1024w, http:\/\/wyszynskipiotr.pl\/wp-content\/uploads\/2025\/12\/589036005_1175009494742847_3778722736089361330_n-300x111.jpg 300w, http:\/\/wyszynskipiotr.pl\/wp-content\/uploads\/2025\/12\/589036005_1175009494742847_3778722736089361330_n-768x284.jpg 768w, http:\/\/wyszynskipiotr.pl\/wp-content\/uploads\/2025\/12\/589036005_1175009494742847_3778722736089361330_n-1536x568.jpg 1536w, http:\/\/wyszynskipiotr.pl\/wp-content\/uploads\/2025\/12\/589036005_1175009494742847_3778722736089361330_n-2048x758.jpg 2048w\" sizes=\"auto, (max-width: 1024px) 100vw, 1024px\" \/><\/figure>\n\n\n\n<p><strong>27.11.2025.<\/strong> Wo\u0142omin. XXI sesja Rady Powiatu Wo\u0142omi\u0144skiego<\/p>\n\n\n\n<p><strong>25.11.2025.<\/strong>Radzymin. Komisja Dziedzictwa Narodowego Kultury i W z JST Rady Powiatu Wo\u0142omi\u0144skiego w Muzeum Bitwy Warszawskiej 1920 roku w Radzyminie oraz Domu Pomocy Spo\u0142ecznej.<\/p>\n\n\n<div class=\"wp-block-image\">\n<figure class=\"aligncenter size-large is-resized\"><img loading=\"lazy\" decoding=\"async\" width=\"1024\" height=\"548\" src=\"http:\/\/wyszynskipiotr.pl\/wp-content\/uploads\/2025\/11\/586305264_1384801803650075_5873096824687976412_n-1024x548.jpg\" alt=\"\" class=\"wp-image-1675\" style=\"width:754px;height:auto\" srcset=\"http:\/\/wyszynskipiotr.pl\/wp-content\/uploads\/2025\/11\/586305264_1384801803650075_5873096824687976412_n-1024x548.jpg 1024w, http:\/\/wyszynskipiotr.pl\/wp-content\/uploads\/2025\/11\/586305264_1384801803650075_5873096824687976412_n-300x161.jpg 300w, http:\/\/wyszynskipiotr.pl\/wp-content\/uploads\/2025\/11\/586305264_1384801803650075_5873096824687976412_n-768x411.jpg 768w, http:\/\/wyszynskipiotr.pl\/wp-content\/uploads\/2025\/11\/586305264_1384801803650075_5873096824687976412_n-1536x822.jpg 1536w, http:\/\/wyszynskipiotr.pl\/wp-content\/uploads\/2025\/11\/586305264_1384801803650075_5873096824687976412_n.jpg 2048w\" sizes=\"auto, (max-width: 1024px) 100vw, 1024px\" \/><\/figure>\n<\/div>\n\n\n<p><strong>19.11.2025.<\/strong>Marki. Otwarcie nowej siedziby Powiatowego Wydzia\u0142u Komunikacji.<\/p>\n\n\n\n<p><strong>17.11.2025.<\/strong>Wo\u0142omin.Komisja Statutowa Rady Powiatu Wo\u0142omi\u0144skiego.<\/p>\n\n\n<div class=\"wp-block-image\">\n<figure class=\"aligncenter size-large is-resized\"><img loading=\"lazy\" decoding=\"async\" width=\"1024\" height=\"611\" src=\"http:\/\/wyszynskipiotr.pl\/wp-content\/uploads\/2025\/11\/582091174_1155415926567079_27388883087899470_n-1024x611.jpg\" alt=\"\" class=\"wp-image-1660\" style=\"width:754px;height:auto\" srcset=\"http:\/\/wyszynskipiotr.pl\/wp-content\/uploads\/2025\/11\/582091174_1155415926567079_27388883087899470_n-1024x611.jpg 1024w, http:\/\/wyszynskipiotr.pl\/wp-content\/uploads\/2025\/11\/582091174_1155415926567079_27388883087899470_n-300x179.jpg 300w, http:\/\/wyszynskipiotr.pl\/wp-content\/uploads\/2025\/11\/582091174_1155415926567079_27388883087899470_n-768x458.jpg 768w, http:\/\/wyszynskipiotr.pl\/wp-content\/uploads\/2025\/11\/582091174_1155415926567079_27388883087899470_n.jpg 1178w\" sizes=\"auto, (max-width: 1024px) 100vw, 1024px\" \/><\/figure>\n<\/div>\n\n\n<p><strong>15.11.2025<\/strong>.Koby\u0142ka. Impreza Charytatywna &#8222;Gramy dla Jasia&#8221;<\/p>\n\n\n\n<p><strong>PA\u0179DZIERNIK 2025<\/strong><\/p>\n\n\n\n<p class=\"has-text-align-left\"><strong>30.10.2025.<\/strong> Wo\u0142omin. XX sesja Rady Powiatu Wo\u0142omi\u0144skiego.<\/p>\n\n\n\n<p><strong>29.10.2025.<\/strong> Wo\u0142omin. Komisja Zdrowia, Polityki Spo\u0142ecznej i Prorodzinnej Rady Powiatu Wo\u0142omi\u0144skiego.<\/p>\n\n\n\n<p><strong>28.10.2025.<\/strong> Wo\u0142omin. Komisja Edukacji Sportu i Turystyki Rady Powiatu Wo\u0142omi\u0144skiego.<\/p>\n\n\n\n<p><strong>21.10.2025.<\/strong> Wo\u0142omin. Komisja Statutowa Rady Powiatu Wo\u0142omi\u0144skiego<\/p>\n\n\n\n<p><strong>16\/17.10.2025. <\/strong>Zielonka. Senioriada Powiatu Wo\u0142omi\u0144skiego<\/p>\n\n\n<div class=\"wp-block-image\">\n<figure class=\"aligncenter size-large is-resized\"><img loading=\"lazy\" decoding=\"async\" width=\"1024\" height=\"604\" src=\"http:\/\/wyszynskipiotr.pl\/wp-content\/uploads\/2025\/10\/559133308_24645005905181028_1563768357229315619_n-1024x604.jpg\" alt=\"\" class=\"wp-image-1614\" style=\"width:751px;height:auto\" srcset=\"http:\/\/wyszynskipiotr.pl\/wp-content\/uploads\/2025\/10\/559133308_24645005905181028_1563768357229315619_n-1024x604.jpg 1024w, http:\/\/wyszynskipiotr.pl\/wp-content\/uploads\/2025\/10\/559133308_24645005905181028_1563768357229315619_n-300x177.jpg 300w, http:\/\/wyszynskipiotr.pl\/wp-content\/uploads\/2025\/10\/559133308_24645005905181028_1563768357229315619_n-768x453.jpg 768w, http:\/\/wyszynskipiotr.pl\/wp-content\/uploads\/2025\/10\/559133308_24645005905181028_1563768357229315619_n-1536x905.jpg 1536w, http:\/\/wyszynskipiotr.pl\/wp-content\/uploads\/2025\/10\/559133308_24645005905181028_1563768357229315619_n.jpg 2048w\" sizes=\"auto, (max-width: 1024px) 100vw, 1024px\" \/><\/figure>\n<\/div>\n\n\n<p><strong>13.10.2025.<\/strong>Wo\u0142omin. Powiatowy Dzie\u0144 Edukacji Narodowej.<\/p>\n\n\n<div class=\"wp-block-image\">\n<figure class=\"aligncenter size-large is-resized\"><img loading=\"lazy\" decoding=\"async\" width=\"1024\" height=\"683\" src=\"http:\/\/wyszynskipiotr.pl\/wp-content\/uploads\/2025\/10\/560238411_24641349098880042_4794353087283241956_n-1024x683.jpg\" alt=\"\" class=\"wp-image-1612\" style=\"width:755px;height:auto\" srcset=\"http:\/\/wyszynskipiotr.pl\/wp-content\/uploads\/2025\/10\/560238411_24641349098880042_4794353087283241956_n-1024x683.jpg 1024w, http:\/\/wyszynskipiotr.pl\/wp-content\/uploads\/2025\/10\/560238411_24641349098880042_4794353087283241956_n-300x200.jpg 300w, http:\/\/wyszynskipiotr.pl\/wp-content\/uploads\/2025\/10\/560238411_24641349098880042_4794353087283241956_n-768x512.jpg 768w, http:\/\/wyszynskipiotr.pl\/wp-content\/uploads\/2025\/10\/560238411_24641349098880042_4794353087283241956_n-1536x1024.jpg 1536w, http:\/\/wyszynskipiotr.pl\/wp-content\/uploads\/2025\/10\/560238411_24641349098880042_4794353087283241956_n.jpg 2048w\" sizes=\"auto, (max-width: 1024px) 100vw, 1024px\" \/><\/figure>\n<\/div>\n\n\n<p><strong>12.10.2025.<\/strong>Wo\u0142omin. Piknik Charytatywny &#8222;Q-dobru&#8221; na rzecz Hospicjum Opatrzno\u015bci Bo\u017cej w Wo\u0142ominie.<\/p>\n\n\n\n<p><strong>11.10.2025.<\/strong>Z\u0105bki. I przegl\u0105d K\u00f3\u0142 Gospody\u0144 i Gospodarzy Wiejskich w Powiecie Wo\u0142omi\u0144skim.<\/p>\n\n\n\n<p><strong>11.10.2025<\/strong>.Oss\u00f3w. \u015alubowanie klas pierwszych Lice\u00f3w Mundurowych PUL<\/p>\n\n\n\n<p><strong>10.10.2025.<\/strong>Wo\u0142omin.Charytatywny mecz pi\u0142ki koszykowej Wo\u0142omin-Legionowo.<\/p>\n\n\n<div class=\"wp-block-image\">\n<figure class=\"aligncenter size-full is-resized\"><img loading=\"lazy\" decoding=\"async\" width=\"720\" height=\"540\" src=\"http:\/\/wyszynskipiotr.pl\/wp-content\/uploads\/2025\/10\/558164971_24611978028483816_8243021210732221173_n-1.jpg\" alt=\"\" class=\"wp-image-1606\" style=\"width:754px;height:auto\" srcset=\"http:\/\/wyszynskipiotr.pl\/wp-content\/uploads\/2025\/10\/558164971_24611978028483816_8243021210732221173_n-1.jpg 720w, http:\/\/wyszynskipiotr.pl\/wp-content\/uploads\/2025\/10\/558164971_24611978028483816_8243021210732221173_n-1-300x225.jpg 300w\" sizes=\"auto, (max-width: 720px) 100vw, 720px\" \/><\/figure>\n<\/div>\n\n\n<p><strong>10.10.2025.<\/strong> Z\u0105bki. Podpisanie umowy partnerskiej Powiat Wo\u0142omi\u0144ski &#8211; MKS Z\u0105bkovia Z\u0105bki<\/p>\n\n\n<div class=\"wp-block-image\">\n<figure class=\"aligncenter size-large is-resized\"><img loading=\"lazy\" decoding=\"async\" width=\"1024\" height=\"575\" src=\"http:\/\/wyszynskipiotr.pl\/wp-content\/uploads\/2025\/10\/558885021_24602950146053271_5729049921379619091_n-1024x575.jpg\" alt=\"\" class=\"wp-image-1609\" style=\"width:756px;height:auto\" srcset=\"http:\/\/wyszynskipiotr.pl\/wp-content\/uploads\/2025\/10\/558885021_24602950146053271_5729049921379619091_n-1024x575.jpg 1024w, http:\/\/wyszynskipiotr.pl\/wp-content\/uploads\/2025\/10\/558885021_24602950146053271_5729049921379619091_n-300x168.jpg 300w, http:\/\/wyszynskipiotr.pl\/wp-content\/uploads\/2025\/10\/558885021_24602950146053271_5729049921379619091_n-768x431.jpg 768w, http:\/\/wyszynskipiotr.pl\/wp-content\/uploads\/2025\/10\/558885021_24602950146053271_5729049921379619091_n-1536x863.jpg 1536w, http:\/\/wyszynskipiotr.pl\/wp-content\/uploads\/2025\/10\/558885021_24602950146053271_5729049921379619091_n.jpg 2048w\" sizes=\"auto, (max-width: 1024px) 100vw, 1024px\" \/><\/figure>\n<\/div>\n\n\n<p><strong>9.10.2025.<\/strong> Wo\u0142omin. XIX sesja Rady Powiatu Wo\u0142omi\u0144skiego.<\/p>\n\n\n\n<p><strong>8.10.2025<\/strong>. Urle. Udzia\u0142 w Komisji Zdrowia, Polityki Spo\u0142ecznej i Prorodzinnej Rady Powiatu Wo\u0142omi\u0144skiego.<\/p>\n\n\n\n<p><strong>6.10.2025.<\/strong> Wo\u0142omin.Komisja Edukacji Sportu i Turystyki Rady Powiatu Wo\u0142omi\u0144skiego.<\/p>\n\n\n<div class=\"wp-block-image\">\n<figure class=\"aligncenter size-large is-resized\"><img loading=\"lazy\" decoding=\"async\" width=\"1024\" height=\"683\" src=\"http:\/\/wyszynskipiotr.pl\/wp-content\/uploads\/2025\/10\/558142967_1131806715729792_2537661418987111746_n-1024x683.jpg\" alt=\"\" class=\"wp-image-1589\" style=\"width:759px;height:auto\" srcset=\"http:\/\/wyszynskipiotr.pl\/wp-content\/uploads\/2025\/10\/558142967_1131806715729792_2537661418987111746_n-1024x683.jpg 1024w, http:\/\/wyszynskipiotr.pl\/wp-content\/uploads\/2025\/10\/558142967_1131806715729792_2537661418987111746_n-300x200.jpg 300w, http:\/\/wyszynskipiotr.pl\/wp-content\/uploads\/2025\/10\/558142967_1131806715729792_2537661418987111746_n-768x512.jpg 768w, http:\/\/wyszynskipiotr.pl\/wp-content\/uploads\/2025\/10\/558142967_1131806715729792_2537661418987111746_n-1536x1024.jpg 1536w, http:\/\/wyszynskipiotr.pl\/wp-content\/uploads\/2025\/10\/558142967_1131806715729792_2537661418987111746_n.jpg 2048w\" sizes=\"auto, (max-width: 1024px) 100vw, 1024px\" \/><\/figure>\n<\/div>\n\n\n<p><strong>5.10.2025.<\/strong> Krubki-G\u00f3rki (Gmina Po\u015bwi\u0119tne).Uroczysto\u015b\u0107 patriotyczna ku czci Majora Henryka Dobrza\u0144skiego HUBALA<\/p>\n\n\n<div class=\"wp-block-image\">\n<figure class=\"aligncenter size-large is-resized\"><img loading=\"lazy\" decoding=\"async\" width=\"1024\" height=\"815\" src=\"http:\/\/wyszynskipiotr.pl\/wp-content\/uploads\/2025\/10\/557525152_1364363445694123_4348073387153123087_n-1024x815.jpg\" alt=\"\" class=\"wp-image-1586\" style=\"width:764px;height:auto\" srcset=\"http:\/\/wyszynskipiotr.pl\/wp-content\/uploads\/2025\/10\/557525152_1364363445694123_4348073387153123087_n-1024x815.jpg 1024w, http:\/\/wyszynskipiotr.pl\/wp-content\/uploads\/2025\/10\/557525152_1364363445694123_4348073387153123087_n-300x239.jpg 300w, http:\/\/wyszynskipiotr.pl\/wp-content\/uploads\/2025\/10\/557525152_1364363445694123_4348073387153123087_n-768x611.jpg 768w, http:\/\/wyszynskipiotr.pl\/wp-content\/uploads\/2025\/10\/557525152_1364363445694123_4348073387153123087_n-1536x1223.jpg 1536w, http:\/\/wyszynskipiotr.pl\/wp-content\/uploads\/2025\/10\/557525152_1364363445694123_4348073387153123087_n.jpg 2048w\" sizes=\"auto, (max-width: 1024px) 100vw, 1024px\" \/><\/figure>\n<\/div>\n\n\n<p><strong>2.10.2025<\/strong>.Oss\u00f3w. VII Bieg Patrolowy Pami\u0119ci Bohater\u00f3w Majdanu.<\/p>\n\n\n\n<p><strong>WRZESIE\u0143 2025<\/strong><\/p>\n\n\n\n<p><strong>26.09.2025.<\/strong> Zielonka. Impreza integracyjna PO RP w Powiecie Wo\u0142omi\u0144skim.<\/p>\n\n\n\n<p><strong>4.09.2025. <\/strong> Oss\u00f3w. Komisja Dziedzictwa Narodowego Kultury i W z JST Rady Powiatu Wo\u0142omi\u0144skiego w Muzeum Bitwy Warszawskiej 1920 roku<\/p>\n\n\n\n<p><strong>1.09.2025. <\/strong>Wo\u0142omin. Uroczyste rozpocz\u0119cie Roku Szkolnego 2025\/2026 w Zespole Szk\u00f3\u0142 Specjalnych w Wo\u0142ominie.<\/p>\n\n\n<div class=\"wp-block-image\">\n<figure class=\"aligncenter size-full is-resized\"><a href=\"https:\/\/www.facebook.com\/powiattv\/\"><img loading=\"lazy\" decoding=\"async\" width=\"500\" height=\"500\" src=\"http:\/\/wyszynskipiotr.pl\/wp-content\/uploads\/2025\/08\/POwiat.jpg\" alt=\"\" class=\"wp-image-1494\" style=\"width:768px;height:auto\" srcset=\"http:\/\/wyszynskipiotr.pl\/wp-content\/uploads\/2025\/08\/POwiat.jpg 500w, http:\/\/wyszynskipiotr.pl\/wp-content\/uploads\/2025\/08\/POwiat-300x300.jpg 300w, http:\/\/wyszynskipiotr.pl\/wp-content\/uploads\/2025\/08\/POwiat-150x150.jpg 150w, http:\/\/wyszynskipiotr.pl\/wp-content\/uploads\/2025\/08\/POwiat-80x80.jpg 80w, http:\/\/wyszynskipiotr.pl\/wp-content\/uploads\/2025\/08\/POwiat-320x320.jpg 320w\" sizes=\"auto, (max-width: 500px) 100vw, 500px\" \/><\/a><\/figure>\n<\/div>\n\n\n<p><strong>1.09.2025. START Telewizji Internetowej POwiat TV &#8211; kana\u0142 telewizyjny radnego Powiatu Wo\u0142omi\u0144skiego<\/strong><\/p>\n\n\n\n<p><strong>SIERPIE\u0143 2025<\/strong><\/p>\n\n\n\n<p><strong>28.08.2025.<\/strong> Wo\u0142omin. XVIII sesja Rady Powiatu Wo\u0142omi\u0144skiego<\/p>\n\n\n\n<p><strong>26.08.2025.<\/strong> Wo\u0142omin. Komisja Edukacji Sportu i Turystyki Rady Powiatu Wo\u0142omi\u0144skiego.<\/p>\n\n\n<div class=\"wp-block-image\">\n<figure class=\"aligncenter size-large\"><img loading=\"lazy\" decoding=\"async\" width=\"768\" height=\"1024\" src=\"http:\/\/wyszynskipiotr.pl\/wp-content\/uploads\/2025\/08\/535047657_24150557374625886_3830621927268628305_n-768x1024.jpg\" alt=\"\" class=\"wp-image-1458\" srcset=\"http:\/\/wyszynskipiotr.pl\/wp-content\/uploads\/2025\/08\/535047657_24150557374625886_3830621927268628305_n-768x1024.jpg 768w, http:\/\/wyszynskipiotr.pl\/wp-content\/uploads\/2025\/08\/535047657_24150557374625886_3830621927268628305_n-225x300.jpg 225w, http:\/\/wyszynskipiotr.pl\/wp-content\/uploads\/2025\/08\/535047657_24150557374625886_3830621927268628305_n-1152x1536.jpg 1152w, http:\/\/wyszynskipiotr.pl\/wp-content\/uploads\/2025\/08\/535047657_24150557374625886_3830621927268628305_n.jpg 1536w\" sizes=\"auto, (max-width: 768px) 100vw, 768px\" \/><\/figure>\n<\/div>\n\n\n<p><strong>16.08.2025.<\/strong> Oss\u00f3w Otwarcie Muzeum Bitwy Warszawskiej 1920 roku.<em><strong>(foto powy\u017cej)<\/strong><\/em><\/p>\n\n\n<div class=\"wp-block-image\">\n<figure class=\"aligncenter size-large\"><img loading=\"lazy\" decoding=\"async\" width=\"1024\" height=\"683\" src=\"http:\/\/wyszynskipiotr.pl\/wp-content\/uploads\/2025\/08\/533749391_24150581667956790_2151681355152044229_n-1024x683.jpg\" alt=\"\" class=\"wp-image-1460\" srcset=\"http:\/\/wyszynskipiotr.pl\/wp-content\/uploads\/2025\/08\/533749391_24150581667956790_2151681355152044229_n-1024x683.jpg 1024w, http:\/\/wyszynskipiotr.pl\/wp-content\/uploads\/2025\/08\/533749391_24150581667956790_2151681355152044229_n-300x200.jpg 300w, http:\/\/wyszynskipiotr.pl\/wp-content\/uploads\/2025\/08\/533749391_24150581667956790_2151681355152044229_n-768x512.jpg 768w, http:\/\/wyszynskipiotr.pl\/wp-content\/uploads\/2025\/08\/533749391_24150581667956790_2151681355152044229_n-1536x1024.jpg 1536w, http:\/\/wyszynskipiotr.pl\/wp-content\/uploads\/2025\/08\/533749391_24150581667956790_2151681355152044229_n.jpg 2048w\" sizes=\"auto, (max-width: 1024px) 100vw, 1024px\" \/><\/figure>\n<\/div>\n\n\n<p><strong>15.08.2025.<\/strong> Oss\u00f3w. G\u0142\u00f3wne uroczysto\u015bci ku czci Bohater\u00f3w Bitwy Warszawskiej 1920 roku.<strong><em>(foto powy\u017cej)<\/em><\/strong><\/p>\n\n\n\n<p><strong>14.08.2025.<\/strong>Oss\u00f3w. Uroczysto\u015bci &#8211; 105 rocznica Bitwy Warszawskiej 1920 roku przy tablicach pomocy narod\u00f3w oraz krzy\u017cu pami\u0119ci<\/p>\n\n\n\n<p><strong>13.08.2025.<\/strong> Z\u0105bki. Uroczysto\u015bci &#8211; 105 rocznica Bitwy Warszawskiej 1920 roku<\/p>\n\n\n\n<p><strong>02.08.2025<\/strong>. Z\u0105bki. Inauguracja III ligi pi\u0142karskiej.<\/p>\n\n\n\n<p><strong>01.08.2025.<\/strong> Wo\u0142omin. 81 Rocznica Wybuchu Powstania Warszawskiego <\/p>\n\n\n\n<p><strong>LIPIEC 2025<\/strong><\/p>\n\n\n\n<p><strong>28.07.2025.<\/strong>Postoliska. Po\u015bwi\u0119cenie grob\u00f3w ostatnich w\u0142a\u015bcicieli Pa\u0142acu Chrz\u0119sne.<\/p>\n\n\n<div class=\"wp-block-image\">\n<figure class=\"aligncenter size-large\"><img loading=\"lazy\" decoding=\"async\" width=\"1024\" height=\"683\" src=\"http:\/\/wyszynskipiotr.pl\/wp-content\/uploads\/2025\/08\/526040022_122164765430582272_6429101497182086105_n-1-1024x683.jpg\" alt=\"\" class=\"wp-image-1402\" srcset=\"http:\/\/wyszynskipiotr.pl\/wp-content\/uploads\/2025\/08\/526040022_122164765430582272_6429101497182086105_n-1-1024x683.jpg 1024w, http:\/\/wyszynskipiotr.pl\/wp-content\/uploads\/2025\/08\/526040022_122164765430582272_6429101497182086105_n-1-300x200.jpg 300w, http:\/\/wyszynskipiotr.pl\/wp-content\/uploads\/2025\/08\/526040022_122164765430582272_6429101497182086105_n-1-768x512.jpg 768w, http:\/\/wyszynskipiotr.pl\/wp-content\/uploads\/2025\/08\/526040022_122164765430582272_6429101497182086105_n-1-1536x1024.jpg 1536w, http:\/\/wyszynskipiotr.pl\/wp-content\/uploads\/2025\/08\/526040022_122164765430582272_6429101497182086105_n-1.jpg 2048w\" sizes=\"auto, (max-width: 1024px) 100vw, 1024px\" \/><\/figure>\n<\/div>\n\n\n<p><strong>27.07.2025.<\/strong> Z\u0105bki. Turniej Charytatywny na rzecz poszkodowanych w po\u017carze <strong>(foto powy\u017cej)<\/strong><\/p>\n\n\n\n<p><strong>26.07.2025.<\/strong> Warszawa. 106 rocznica Policji. Mecz Ladys LEGIA &#8211; Reprezentacja Polskiej Policji Kobiet<\/p>\n\n\n<div class=\"wp-block-image\">\n<figure class=\"aligncenter size-large\"><img loading=\"lazy\" decoding=\"async\" width=\"1024\" height=\"682\" src=\"http:\/\/wyszynskipiotr.pl\/wp-content\/uploads\/2025\/08\/517274729_1228822052590583_2817657062320626060_n-1024x682.jpg\" alt=\"\" class=\"wp-image-1400\" srcset=\"http:\/\/wyszynskipiotr.pl\/wp-content\/uploads\/2025\/08\/517274729_1228822052590583_2817657062320626060_n-1024x682.jpg 1024w, http:\/\/wyszynskipiotr.pl\/wp-content\/uploads\/2025\/08\/517274729_1228822052590583_2817657062320626060_n-300x200.jpg 300w, http:\/\/wyszynskipiotr.pl\/wp-content\/uploads\/2025\/08\/517274729_1228822052590583_2817657062320626060_n-768x512.jpg 768w, http:\/\/wyszynskipiotr.pl\/wp-content\/uploads\/2025\/08\/517274729_1228822052590583_2817657062320626060_n-1536x1024.jpg 1536w, http:\/\/wyszynskipiotr.pl\/wp-content\/uploads\/2025\/08\/517274729_1228822052590583_2817657062320626060_n.jpg 1964w\" sizes=\"auto, (max-width: 1024px) 100vw, 1024px\" \/><\/figure>\n<\/div>\n\n\n<p><strong>15.07.2025.<\/strong> Wo\u0142omin. Powiatowe \u015awi\u0119to Policji. Mecz Samorz\u0105dowcy-Policja<strong>. (foto powy\u017cej)<\/strong><\/p>\n\n\n\n<p><\/p>\n\n\n\n<p><strong>14.07.2025.<\/strong>Wo\u0142omin.XVIII sesja Rady Powiatu Wo\u0142omi\u0144skiego<\/p>\n\n\n\n<p><strong>12.07.2025.<\/strong> Zielonka. Impreza integracyjna PO RP w Powiecie Wo\u0142omi\u0144skim<\/p>\n\n\n\n<p><strong>11.07.2025.<\/strong> Radzymin. \u0106wiczenia wodne samorz\u0105dowc\u00f3w.<\/p>\n\n\n\n<p><strong>CZERWIEC 2025<\/strong><\/p>\n\n\n\n<p><strong>29.06.2025.<\/strong> Le\u015bniakowizna. &#8222;Bieg nad \u0141\u0105kami&#8221;<\/p>\n\n\n\n<p><strong>25.06.2025.<\/strong>Wo\u0142omin.XVII sesja Rady Powiatu Wo\u0142omi\u0144skiego<\/p>\n\n\n\n<p><strong>24.06.2025.<\/strong>Wo\u0142omin Komisja Statutowa Rady Powiatu Wo\u0142omi\u0144skiego<\/p>\n\n\n\n<p><strong>14.06.2025.<\/strong> Wo\u0142omin. OSiR. Zawody P\u0142ywackie<\/p>\n\n\n\n<p><strong>13.06.2025.<\/strong> Wo\u0142omin. Przekazanie wozu stra\u017cackiego OSP Wo\u0142omin<\/p>\n\n\n\n<p><strong>09.06.2025<\/strong>. Wo\u0142omin. Komisja Statutowa Rady Powiatu Wo\u0142omi\u0144skiego<\/p>\n\n\n\n<p><strong>08.06.2025.<\/strong> Wo\u0142omin. Turniej pi\u0142karski HURAGAN CUP 2025<\/p>\n\n\n\n<p><strong>07.06.2025.<\/strong> Wo\u0142omin. 30 lecie MDK Wo\u0142omin<\/p>\n\n\n\n<p><strong>01.06.2025. <\/strong>Wo\u0142omin. II tura wybor\u00f3w prezydenckich<\/p>\n\n\n\n<p><strong>MAJ 2025<\/strong><\/p>\n\n\n\n<p><strong>26.05.2024.<\/strong> Duczki. Koncert z okazji Dnia Matki.<\/p>\n\n\n\n<figure class=\"wp-block-image size-full\"><img loading=\"lazy\" decoding=\"async\" width=\"768\" height=\"284\" src=\"http:\/\/wyszynskipiotr.pl\/wp-content\/uploads\/2025\/08\/512590147_1052210590356072_1381073893707219796_n-768x284-1.jpg\" alt=\"\" class=\"wp-image-1475\" srcset=\"http:\/\/wyszynskipiotr.pl\/wp-content\/uploads\/2025\/08\/512590147_1052210590356072_1381073893707219796_n-768x284-1.jpg 768w, http:\/\/wyszynskipiotr.pl\/wp-content\/uploads\/2025\/08\/512590147_1052210590356072_1381073893707219796_n-768x284-1-300x111.jpg 300w\" sizes=\"auto, (max-width: 768px) 100vw, 768px\" \/><\/figure>\n\n\n\n<p><strong>26.05.2024.<\/strong> Wo\u0142omin. XVI sesja Rady Powiatu Wo\u0142omi\u0144skiego <strong><em>(foto powy\u017cej)<\/em><\/strong><\/p>\n\n\n\n<p><strong>24.05.2025.<\/strong> Z\u0105bki. Piknik Charytatywny<\/p>\n\n\n\n<p><strong>22.05.2025.<\/strong> Wo\u0142omin. Komisja Statutowa Rady Powiatu Wo\u0142omi\u0144skiego<\/p>\n\n\n\n<p><strong>19.05.2025.<\/strong>Wo\u0142omin. Komisja Edukacji Sportu i Turystyki Rady Powiatu Wo\u0142omi\u0144skiego.<\/p>\n\n\n\n<p><strong>16.05.2025.<\/strong> Marki. Festiwal Pie\u015bni Legionowej<\/p>\n\n\n\n<p><strong>KWIECIE\u0143 2025<\/strong><\/p>\n\n\n\n<p><strong>25.04.2025.<\/strong> Wo\u0142omin Mecz pi\u0142karski Reprezentacja Samorz\u0105dowc\u00f3w Polski- Oldboye Koby\u0142ki\/Wo\u0142omina<\/p>\n\n\n\n<p><strong>12.04.2025. <\/strong>Wo\u0142omin\/Radzymin. Obchody 85 rocznicy Zbrodni Katy\u0144skiej<\/p>\n\n\n\n<p><strong>06.04.2025.<\/strong> Radzymin. Bieg M\u0142odzika<\/p>\n\n\n\n<p><strong>04.04.2025.<\/strong> Wo\u0142omin Gie\u0142da Szk\u00f3\u0142 Powiatowych\/ Hospicjum w Wo\u0142ominie konferencja.<\/p>\n\n\n\n<p><strong>03.04.2025. <\/strong>Oss\u00f3w Spotkanie Wielkanocne <\/p>\n\n\n\n<p><strong>MARZEC 2025<\/strong><\/p>\n\n\n\n<p><strong>31.03.2025. <\/strong>Wo\u0142omin Zebranie Ko\u0142a PO RP Wo\u0142omin<\/p>\n\n\n\n<p><strong>27.03.2025.<\/strong>Wo\u0142omin. Sesja Rady Miejskiej w Wo\u0142ominie<\/p>\n\n\n\n<p><strong>24.03.2025.<\/strong> Wo\u0142omin. Komisja Edukacji Sportu i Turystyki Rady Powiatu Wo\u0142omi\u0144skiego. <\/p>\n\n\n\n<p><strong>23.03.2025.<\/strong> Strach\u00f3wka. Rocznica Powstania Styczniowego.<\/p>\n\n\n\n<p><strong>22.02.2025.<\/strong> Marki. Powiatowa Gala Sportu<\/p>\n\n\n\n<p><strong>20.03.2025. <\/strong>Wo\u0142omin. Komisja Dziedzictwa Narodowego Kultury i W z JST Rady Powiatu Wo\u0142omi\u0144skiego <\/p>\n\n\n\n<p><strong>19.03.2025.<\/strong> Rada Powiatu Platformy Obywatelskiej RP<\/p>\n\n\n\n<p><strong>LUTY 2025<\/strong><\/p>\n\n\n\n<p><strong>28.02.2025.<\/strong> Otwarcie hali sportowej w Gminie<\/p>\n\n\n\n<p><strong>27.02.2025<\/strong> Wo\u0142omin. Sesja Rady Miejskiej w Wo\u0142ominie<\/p>\n\n\n\n<p><strong>25.02.2025.<\/strong>Wo\u0142omin. XI sesja Rady Powiatu Wo\u0142omi\u0144skiego <\/p>\n\n\n\n<p><strong>24.02.2025.<\/strong>Wo\u0142omin. Komisja Dziedzictwa Narodowego Kultury i W z JST oraz Komisja Edukacji Sportu i Turystyki Rady Powiatu Wo\u0142omi\u0144skiego. <\/p>\n\n\n\n<p><strong>10.02.2025.<\/strong>Wo\u0142omin. Komisja SiW Rady Powiatu Wo\u0142omi\u0144skiego.<\/p>\n\n\n\n<p><strong>03.02.2025.<\/strong> Wo\u0142omin. Komisja SiW Rady Powiatu Wo\u0142omi\u0144skiego.<\/p>\n\n\n\n<p><strong>STYCZE\u0143 2025<\/strong><\/p>\n\n\n\n<p><strong>30.01.2025.<\/strong>Wo\u0142omin. Komisja Edukacji Sportu i Turystyki Rady Powiatu Wo\u0142omi\u0144skiego oraz X sesja Rady Powiatu Wo\u0142omi\u0144skiego. <\/p>\n\n\n\n<p><strong>28.01.2025. <\/strong>Wo\u0142omin. Komisja Dziedzictwa Narodowego Kultury i W z JST Rady Powiatu Wo\u0142omi\u0144skiego.<\/p>\n\n\n\n<p><strong>26.01.2025.<\/strong> Marki &#8211; Wo\u0142omin 34 fina\u0142 Wielkiej Orkiestry \u015awi\u0105tecznej Pomocy.<\/p>\n\n\n\n<figure class=\"wp-block-image size-large is-resized\"><img loading=\"lazy\" decoding=\"async\" width=\"1024\" height=\"760\" src=\"http:\/\/wyszynskipiotr.pl\/wp-content\/uploads\/2025\/01\/473442396_8890821304359408_1195085203185850200_n-3-1024x760.jpg\" alt=\"\" class=\"wp-image-1340\" style=\"width:958px;height:auto\" srcset=\"http:\/\/wyszynskipiotr.pl\/wp-content\/uploads\/2025\/01\/473442396_8890821304359408_1195085203185850200_n-3-1024x760.jpg 1024w, http:\/\/wyszynskipiotr.pl\/wp-content\/uploads\/2025\/01\/473442396_8890821304359408_1195085203185850200_n-3-300x223.jpg 300w, http:\/\/wyszynskipiotr.pl\/wp-content\/uploads\/2025\/01\/473442396_8890821304359408_1195085203185850200_n-3-768x570.jpg 768w, http:\/\/wyszynskipiotr.pl\/wp-content\/uploads\/2025\/01\/473442396_8890821304359408_1195085203185850200_n-3-1536x1140.jpg 1536w, http:\/\/wyszynskipiotr.pl\/wp-content\/uploads\/2025\/01\/473442396_8890821304359408_1195085203185850200_n-3.jpg 1708w\" sizes=\"auto, (max-width: 1024px) 100vw, 1024px\" \/><\/figure>\n\n\n\n<figure class=\"wp-block-image size-full\"><img loading=\"lazy\" decoding=\"async\" width=\"960\" height=\"506\" src=\"http:\/\/wyszynskipiotr.pl\/wp-content\/uploads\/2025\/01\/473241134_8890820781026127_8974182672957975522_n-1.jpg\" alt=\"\" class=\"wp-image-1339\" srcset=\"http:\/\/wyszynskipiotr.pl\/wp-content\/uploads\/2025\/01\/473241134_8890820781026127_8974182672957975522_n-1.jpg 960w, http:\/\/wyszynskipiotr.pl\/wp-content\/uploads\/2025\/01\/473241134_8890820781026127_8974182672957975522_n-1-300x158.jpg 300w, http:\/\/wyszynskipiotr.pl\/wp-content\/uploads\/2025\/01\/473241134_8890820781026127_8974182672957975522_n-1-768x405.jpg 768w\" sizes=\"auto, (max-width: 960px) 100vw, 960px\" \/><\/figure>\n\n\n\n<p><\/p>\n\n\n\n<p><strong>11.01.2025.<\/strong> \u0141owicz. Spotkanie Noworoczne Rodziny Olimpijskiej.<strong> (foto 1 i 2 powy\u017cej)<\/strong><\/p>\n\n\n\n<p><strong>10.01.2025.<\/strong> Warszawa. Rada Regionu Mazowsze Platformy Obywatelskiej RP.<\/p>\n\n\n\n<p><strong>GRUDZIE\u0143 2024<\/strong><\/p>\n\n\n\n<p><strong>20.12.2024.<\/strong> Wo\u0142omin. spotkanie wigilijne w I LO Mundurowym PUL w Wo\u0142ominie.<\/p>\n\n\n\n<p><strong>19.12.2024.<\/strong> Wo\u0142omin. X sesja Rady Powiatu Wo\u0142omi\u0144skiego (uchwalenie bud\u017cetu 2025)<\/p>\n\n\n\n<p><strong>17.12.2024<\/strong>. Wo\u0142omin. Sesja Rady Miejskiej w Wo\u0142ominie ( uchwalenie bud\u017cetu 2025)<\/p>\n\n\n\n<p><strong>14-15.12. 2024. <\/strong>Wo\u0142omin. Szlachetna Paczka &#8211; fina\u0142 (wolontariusz + darczy\u0144ca)<\/p>\n\n\n\n<p><strong>12.12.2024.<\/strong> Zielonka. Wigilia odebranie medalu 20- lecia Polski w Unii Europejskiej.<\/p>\n\n\n\n<p><strong>11.12.2024.<\/strong> Duczki. Jase\u0142ka i kiermasz Bo\u017conarodzeniowy.<\/p>\n\n\n\n<p><strong>9.12.2024.<\/strong> Warszawa. Pogrzeb Legendy Legii Warszawa \u015a.P. Lucjana BRYCHCZEGO (poczet sztandarowy PZPN)<\/p>\n\n\n\n<p><strong>6-8.12.2024<\/strong>. Wo\u0142omin. Sportowe Miko\u0142ajki w Wo\u0142ominie<\/p>\n\n\n\n<p><strong>5.12.2024. <\/strong>Wo\u0142omin Komisja Bud\u017cetu i Finans\u00f3w Rady Powiatu Wo\u0142omi\u0144skiego<\/p>\n\n\n\n<p><strong>3.12.2024.<\/strong>Wo\u0142omin. Komisja Dziedzictwa Narodowego Kultury i W z JST Rady Powiatu Wo\u0142omi\u0144skiego.<\/p>\n\n\n\n<p><strong>2.12.2024<\/strong>. Wo\u0142omin. Komisja Edukacji Sportu i Turystyki Rady Powiatu Wo\u0142omi\u0144skiego.<\/p>\n\n\n\n<p><strong>LISTOPAD 2024<\/strong><\/p>\n\n\n\n<p><strong>30.11.2024.<\/strong> Wo\u0142omin. Uroczysta sesja Rady Powiatu Wo\u0142omi\u0144skiego z okazji 25-lecia Samorz\u0105du Powiatowego<\/p>\n\n\n\n<p><strong>28.11.2024.<\/strong> Wo\u0142omin. VIII sesja Rady Powiatu Wo\u0142omi\u0144skiego<\/p>\n\n\n\n<p><strong>22.11.2024.<\/strong> Prawybory prezydenckie w Platformie Obywatelskiej RP<\/p>\n\n\n\n<p><strong>21.11. 2024.<\/strong> Wo\u0142omin. Zebranie Wo\u0142omi\u0144skiego Ko\u0142a Platformy Obywatelskiej RP<\/p>\n\n\n\n<p><strong>20.11.2024.<\/strong> Marki. Zarz\u0105d Powiatowy Platformy Obywatelskiej RP.<\/p>\n\n\n\n<p><strong>14.11.2024.<\/strong> Le\u015bniakowizna. Wybory So\u0142tysa.<\/p>\n\n\n\n<p><strong>10.11.2024.<\/strong> Guardamar del Segura (Hiszpania) &#8211; spotkanie Polak\u00f3w z okazji 106 rocznicy Niepodleg\u0142o\u015bci.<\/p>\n\n\n\n<p><strong>05.11.2024.<\/strong> Wo\u0142omin. Komisja DNKWzJST Rady Powiatu Wo\u0142omi\u0144skiego.<\/p>\n\n\n\n<p><strong>04.11.2024. <\/strong>Oss\u00f3w. Wybory So\u0142tysa.<\/p>\n\n\n\n<p><strong>PA\u0179DZIERNIK 2024<\/strong><\/p>\n\n\n\n<p><strong>27.10.2024.<\/strong>Wo\u0142omin. Koncert Charytatywny dla Powodzian.<\/p>\n\n\n\n<p><strong>24.10.2024.<\/strong>Wo\u0142omin. VII sesja Rady Powiatu Wo\u0142omi\u0144skiego.<\/p>\n\n\n\n<p><strong>23.10.2024. <\/strong>Wo\u0142omin. Komisja ESiT Rady Powiatu Wo\u0142omi\u0144skiego.<\/p>\n\n\n\n<p><strong>19.10.2024.<\/strong> Warszawa. Muzeum Wojska Polskiego. \u015alubowanie klas I LO PUL w Wo\u0142ominie.<\/p>\n\n\n\n<p><strong>11\/10.10.11.2024<\/strong>. Wo\u0142omin. Dzie\u0144 Edukacji Narodowej.<\/p>\n\n\n\n<p><strong>10.10.2024.<\/strong> Oss\u00f3w. Bieg patrolowy I LO PUL.<\/p>\n\n\n\n<p><strong>WRZESIE\u0143 2024<\/strong><\/p>\n\n\n\n<p><strong>25.09.2024.<\/strong> Wo\u0142omin. VI sesja Rady Powiatu Wo\u0142omi\u0144skiego<em><strong> (nieobecny- urlop)<\/strong><\/em><\/p>\n\n\n\n<p><strong>19.09.2024.<\/strong> Wo\u0142omin. Komisja DNKWzJST Rady Powiatu Wo\u0142omi\u0144skiego.<\/p>\n\n\n\n<p><strong>17.09.2024.<\/strong> Wo\u0142omin. Dzie\u0144 Sybiraka- uroczysto\u015bci.<\/p>\n\n\n\n<p><strong>05.09.2024.<\/strong> Radzymin. 70-cio lecie DPS Radzymin.<\/p>\n\n\n\n<p><strong>30.08.2024<\/strong>. Zielonka. Wielka impreza Powiatowej PO RP.<\/p>\n\n\n\n<p><strong>SIERPIE\u0143 2024<\/strong><\/p>\n\n\n\n<p><strong>29.08.2024.<\/strong> Wo\u0142omin. VI sesja Rady Powiatu Wo\u0142omi\u0144skiego.<\/p>\n\n\n\n<p><strong>27.08.2024.<\/strong>Wo\u0142omin. Komisja DNKWzJST Rady Powiatu Wo\u0142omi\u0144skiego.<\/p>\n\n\n\n<p><strong>15.08.2024.<\/strong> Radzymin. Bieg &#8222;Cud nad Wis\u0142\u0105&#8221;, Uroczysto\u015bci rocznicowe Bitwy Warszawskiej 1920 roku w Radzyminie.<\/p>\n\n\n\n<p><strong>05.08.2024.<\/strong>Wo\u0142omin. Komisja SiW Rady Powiatu Wo\u0142omi\u0144skiego.<\/p>\n\n\n\n<p><strong>01.08.2024.<\/strong> Wo\u0142omin. Rocznica wybuchu Powstania Warszawskiego.<\/p>\n\n\n\n<p><strong>LIPIEC 2024<\/strong><\/p>\n\n\n\n<p><strong>15.07.2024<\/strong>.Wo\u0142omin. V sesja Rady Powiatu Wo\u0142omi\u0144skiego.<\/p>\n\n\n\n<p><strong>04.07.2024.<\/strong> Wo\u0142omin. Komisja DNKWzJST Rady Powiatu Wo\u0142omi\u0144skiego.<\/p>\n\n\n\n<p><strong>01.07.2024.<\/strong> Wo\u0142omin. Komisja SiW Rady Powiatu Wo\u0142omi\u0144skiego.<\/p>\n\n\n\n<p><strong>CZERWIEC 2024<\/strong><\/p>\n\n\n\n<p><strong>20.06.2024. <\/strong>Wo\u0142omin. IV sesja Rady Powiatu Wo\u0142omi\u0144skiego.<\/p>\n\n\n\n<p><strong>18.06.2024.<\/strong>Wo\u0142omin. Komisja DNKWzJST Rady Powiatu Wo\u0142omi\u0144skiego.<\/p>\n\n\n\n<p><strong>15.06.2024.<\/strong>Zielonka. Impreza integracyjna Powiatowej PO RP.<\/p>\n\n\n\n<p><strong>13.06.2024.<\/strong>Wo\u0142omin. III sesja Rady Powiatu Wo\u0142omi\u0144skiego.<\/p>\n\n\n\n<p><strong>11.06.2024.<\/strong> Wo\u0142omin. Komisja DNKWzJST Rady Powiatu Wo\u0142omi\u0144skiego.<\/p>\n\n\n\n<p><strong>08.06.2024. <\/strong>T\u0142uszcz. Dni T\u0142uszcza.<\/p>\n\n\n\n<p><strong>03.06.2024.<\/strong>Wo\u0142omin. Komisja SiW Rady Powiatu Wo\u0142omi\u0144skiego.<\/p>\n\n\n\n<p><strong>MAJ 2024<\/strong><\/p>\n\n\n\n<p><strong>21.05.2024.<\/strong>Wo\u0142omin. II sesja Rady Powiatu Wo\u0142omi\u0144skiego.<\/p>\n\n\n\n<p><strong>07.05.2024.<\/strong>Wo\u0142omin. I sesja Rady Powiatu Wo\u0142omi\u0144skiego.<\/p>\n\n\n\n<p><\/p>\n\n\n\n<p><\/p>\n\n\n\n<p><\/p>\n","protected":false},"excerpt":{"rendered":"<p>Wa\u017cna informacja: Szczeg\u00f3\u0142y poszczeg\u00f3lnych wydarze\u0144 dost\u0119pne sa na moich stronach na platformach spo\u0142eczno\u015bciowym Facebook, Youtube, Tiktok Piotr Wyszy\u0144ski &#8211; TUTAJ 1 Piotr Wyszy\u0144ski radny Powiatu&#46;&#46;&#46;<\/p>\n","protected":false},"author":1,"featured_media":0,"parent":0,"menu_order":0,"comment_status":"closed","ping_status":"closed","template":"","meta":{"footnotes":""},"class_list":["post-1086","page","type-page","status-publish","hentry"],"_links":{"self":[{"href":"http:\/\/wyszynskipiotr.pl\/index.php?rest_route=\/wp\/v2\/pages\/1086","targetHints":{"allow":["GET"]}}],"collection":[{"href":"http:\/\/wyszynskipiotr.pl\/index.php?rest_route=\/wp\/v2\/pages"}],"about":[{"href":"http:\/\/wyszynskipiotr.pl\/index.php?rest_route=\/wp\/v2\/types\/page"}],"author":[{"embeddable":true,"href":"http:\/\/wyszynskipiotr.pl\/index.php?rest_route=\/wp\/v2\/users\/1"}],"replies":[{"embeddable":true,"href":"http:\/\/wyszynskipiotr.pl\/index.php?rest_route=%2Fwp%2Fv2%2Fcomments&post=1086"}],"version-history":[{"count":178,"href":"http:\/\/wyszynskipiotr.pl\/index.php?rest_route=\/wp\/v2\/pages\/1086\/revisions"}],"predecessor-version":[{"id":1973,"href":"http:\/\/wyszynskipiotr.pl\/index.php?rest_route=\/wp\/v2\/pages\/1086\/revisions\/1973"}],"wp:attachment":[{"href":"http:\/\/wyszynskipiotr.pl\/index.php?rest_route=%2Fwp%2Fv2%2Fmedia&parent=1086"}],"curies":[{"name":"wp","href":"https:\/\/api.w.org\/{rel}","templated":true}]}}